{"id":63,"date":"2026-04-22T23:57:34","date_gmt":"2026-04-22T23:57:34","guid":{"rendered":"https:\/\/antonianki.pl\/?page_id=63"},"modified":"2026-04-25T10:53:10","modified_gmt":"2026-04-25T10:53:10","slug":"dzialalnosc-apostolska","status":"publish","type":"page","link":"https:\/\/antonianki.pl\/index.php\/dzialalnosc-apostolska\/","title":{"rendered":"Dzia\u0142alno\u015b\u0107 Apostolska"},"content":{"rendered":"<div class=\"\" style=\"\" >\n    \n    <section class=\"u-clearfix u-section-2\" id=\"block-6\">\n      <div class=\"u-clearfix u-sheet u-sheet-1\">\n        <div class=\"fr-view u-align-right u-clearfix u-rich-text u-text u-text-1\">\n          <h1 id=\"isPasted\">Zgromadzenie Si\u00f3str Antonianek od Chrystusa Kr\u00f3la<\/h1>\n          <h2 style=\"text-align: center;\"><span style=\"font-size: 2.25rem;\">&nbsp;<\/span><span style=\"font-style: italic;\"><span class=\"u-text-custom-color-2\" style=\"font-weight: 700; font-size: 1.875rem;\">S\u0142u\u017cy\u0107 znaczy kr\u00f3lowa\u0107<\/span><\/span>\n          <\/h2>\n        <\/div>\n      <\/div>\n    <\/section>\n    <section class=\"u-clearfix u-section-3\" id=\"block-4\">\n      <div class=\"u-clearfix u-sheet u-sheet-1\">\n        <div class=\"u-carousel u-expanded-width u-gallery u-gallery-slider u-layout-carousel u-lightbox u-no-transition u-show-text-none u-gallery-1\" data-interval=\"5000\" data-u-ride=\"carousel\" id=\"carousel-72d4\">\n          <ol class=\"u-absolute-hcenter u-carousel-indicators u-carousel-indicators-1\">\n            <li data-u-target=\"#carousel-72d4\" data-u-slide-to=\"0\" class=\"u-active u-grey-70 u-shape-circle\" style=\"width: 10px; height: 10px;\"><\/li>\n            <li data-u-target=\"#carousel-72d4\" data-u-slide-to=\"1\" class=\"u-grey-70 u-shape-circle\" style=\"width: 10px; height: 10px;\"><\/li>\n            <li data-u-target=\"#carousel-72d4\" data-u-slide-to=\"2\" class=\"u-grey-70 u-shape-circle\" style=\"width: 10px; height: 10px;\"><\/li>\n          <\/ol>\n          <div class=\"u-carousel-inner u-gallery-inner u-gallery-inner-1\" role=\"listbox\">\n            <div class=\"u-active u-carousel-item u-gallery-item u-carousel-item-1\">\n              <div class=\"u-back-slide\" data-image-width=\"2560\" data-image-height=\"1771\">\n                <img decoding=\"async\" class=\"u-back-image u-expanded\" src=\"https:\/\/antonianki.pl\/wp-content\/uploads\/2026\/04\/dscf349112-scaled.jpg\">\n              <\/div>\n              <div class=\"u-align-center u-over-slide u-shading u-valign-bottom u-over-slide-1\">\n                <h3 class=\"u-gallery-heading\">Przyk\u0142adowy tytu\u0142<\/h3>\n                <p class=\"u-gallery-text\">Przyk\u0142adowy tekst<\/p>\n              <\/div>\n            <\/div>\n            <div class=\"u-carousel-item u-gallery-item u-carousel-item-2\">\n              <div class=\"u-back-slide\" data-image-width=\"2560\" data-image-height=\"1707\">\n                <img decoding=\"async\" class=\"u-back-image u-expanded\" src=\"https:\/\/antonianki.pl\/wp-content\/uploads\/2026\/04\/411-2-scaled.jpg\">\n              <\/div>\n              <div class=\"u-align-center u-over-slide u-shading u-valign-bottom u-over-slide-2\">\n                <h3 class=\"u-gallery-heading\">Przyk\u0142adowy tytu\u0142<\/h3>\n              <\/div>\n            <\/div>\n            <div class=\"u-carousel-item u-gallery-item u-carousel-item-3\" data-image-width=\"1230\" data-image-height=\"490\">\n              <div class=\"u-back-slide\" data-image-width=\"1230\" data-image-height=\"490\">\n                <img decoding=\"async\" class=\"u-back-image u-expanded\" src=\"https:\/\/antonianki.pl\/wp-content\/uploads\/2026\/04\/slide-1kopia.jpg\">\n              <\/div>\n              <div class=\"u-align-center u-over-slide u-shading u-valign-bottom u-over-slide-3\"><\/div>\n              <style data-mode=\"XL\" data-visited=\"true\"><\/style>\n              <style data-mode=\"LG\" data-visited=\"true\"><\/style>\n              <style data-mode=\"MD\"><\/style>\n              <style data-mode=\"SM\"><\/style>\n              <style data-mode=\"XS\" data-visited=\"true\"><\/style>\n            <\/div>\n          <\/div>\n          <a class=\"u-absolute-vcenter u-carousel-control u-carousel-control-prev u-grey-70 u-icon-circle u-opacity u-opacity-70 u-spacing-10 u-text-white u-carousel-control-1\" href=\"#carousel-72d4\" role=\"button\" data-u-slide=\"prev\"><span aria-hidden=\"true\">\n              <svg viewBox=\"0 0 451.847 451.847\"><path d=\"M97.141,225.92c0-8.095,3.091-16.192,9.259-22.366L300.689,9.27c12.359-12.359,32.397-12.359,44.751,0\nc12.354,12.354,12.354,32.388,0,44.748L173.525,225.92l171.903,171.909c12.354,12.354,12.354,32.391,0,44.744\nc-12.354,12.365-32.386,12.365-44.745,0l-194.29-194.281C100.226,242.115,97.141,234.018,97.141,225.92z\"><\/path><\/svg><\/span><span class=\"sr-only\">\n              <svg viewBox=\"0 0 451.847 451.847\"><path d=\"M97.141,225.92c0-8.095,3.091-16.192,9.259-22.366L300.689,9.27c12.359-12.359,32.397-12.359,44.751,0\nc12.354,12.354,12.354,32.388,0,44.748L173.525,225.92l171.903,171.909c12.354,12.354,12.354,32.391,0,44.744\nc-12.354,12.365-32.386,12.365-44.745,0l-194.29-194.281C100.226,242.115,97.141,234.018,97.141,225.92z\"><\/path><\/svg><\/span>\n          <\/a>\n          <a class=\"u-absolute-vcenter u-carousel-control u-carousel-control-next u-grey-70 u-icon-circle u-opacity u-opacity-70 u-spacing-10 u-text-white u-carousel-control-2\" href=\"#carousel-72d4\" role=\"button\" data-u-slide=\"next\"><span aria-hidden=\"true\">\n              <svg viewBox=\"0 0 451.846 451.847\"><path d=\"M345.441,248.292L151.154,442.573c-12.359,12.365-32.397,12.365-44.75,0c-12.354-12.354-12.354-32.391,0-44.744\nL278.318,225.92L106.409,54.017c-12.354-12.359-12.354-32.394,0-44.748c12.354-12.359,32.391-12.359,44.75,0l194.287,194.284\nc6.177,6.18,9.262,14.271,9.262,22.366C354.708,234.018,351.617,242.115,345.441,248.292z\"><\/path><\/svg><\/span><span class=\"sr-only\">\n              <svg viewBox=\"0 0 451.846 451.847\"><path d=\"M345.441,248.292L151.154,442.573c-12.359,12.365-32.397,12.365-44.75,0c-12.354-12.354-12.354-32.391,0-44.744\nL278.318,225.92L106.409,54.017c-12.354-12.359-12.354-32.394,0-44.748c12.354-12.359,32.391-12.359,44.75,0l194.287,194.284\nc6.177,6.18,9.262,14.271,9.262,22.366C354.708,234.018,351.617,242.115,345.441,248.292z\"><\/path><\/svg><\/span>\n          <\/a>\n        <\/div>\n        <img decoding=\"async\" class=\"u-hidden-md u-hidden-sm u-hidden-xs u-image u-image-default u-image-1\" src=\"https:\/\/antonianki.pl\/wp-content\/uploads\/2026\/04\/Gemini_Generated_Image_7bfbxn7bfbxn7bfb-1.png\" alt=\"\" data-image-width=\"976\" data-image-height=\"1079\">\n        <img decoding=\"async\" class=\"u-hidden-md u-hidden-sm u-hidden-xs u-image u-image-contain u-image-default u-image-2\" src=\"https:\/\/antonianki.pl\/wp-content\/uploads\/2026\/04\/logo.png\" alt=\"\" data-image-width=\"378\" data-image-height=\"490\" data-href=\"https:\/\/antonianki.pl\/index.php\/strona-glowna\/\">\n        <div class=\"fr-view u-align-center u-clearfix u-rich-text u-text u-text-1\">\n          <h1 id=\"isPasted\" style=\"text-align: center;\"><span style=\"font-size: 1.875rem;\"><span class=\"u-custom-font u-font-georgia\" style=\"font-weight: 700;\">Zgromadzenie Si\u00f3str Antonianek od Chrystusa Kr\u00f3la<\/span><\/span>\n          <\/h1>\n          <h1 style=\"text-align: center;\"><span style=\"font-size: 2.25rem;\">&nbsp;<\/span><span style=\"font-style: italic;\"><span class=\"u-text-custom-color-2\" style=\"font-weight: 700; font-size: 1.875rem;\">S\u0142u\u017cy\u0107 znaczy kr\u00f3lowa\u0107<\/span><\/span>\n          <\/h1>\n        <\/div>\n      <\/div>\n    <\/section>\n    <section class=\"u-clearfix u-section-4\" id=\"block-5\">\n      <div class=\"u-clearfix u-sheet u-valign-middle-xl u-sheet-1\">\n        <div class=\"u-clearfix u-custom-html u-expanded-width u-custom-html-1\">\n          <marquee>\n            <p style=\"color: #808080; font-weight: bold; margin: 0; font-family: Arial, sans-serif;\"> Antonianki ul. Janosika 141&nbsp;92-108 \u0141\u00f3d\u017a antonianki@wp.pl&nbsp;+48 42 679 27 20 kom. 507 170 901 <\/p>\n          <\/marquee>\n        <\/div>\n      <\/div>\n    <\/section>\n    <section class=\"u-clearfix u-lightbox u-section-5\" id=\"block-2\">\n      <div class=\"u-clearfix u-sheet u-valign-middle-xs u-sheet-1\">\n        <div class=\"data-layout-selected u-clearfix u-expanded-width u-layout-wrap u-layout-wrap-1\">\n          <div class=\"u-gutter-0 u-layout\">\n            <div class=\"u-layout-col\">\n              <div class=\"u-size-60\">\n                <div class=\"u-layout-row\">\n                  <div class=\"u-size-60\">\n                    <div class=\"u-layout-col\">\n                      <div class=\"u-container-style u-layout-cell u-shape-rectangle u-size-60 u-layout-cell-1\">\n                        <div class=\"u-container-layout u-container-layout-1\">\n                          <div class=\"fr-view u-align-center u-clearfix u-rich-text u-text u-text-1\">\n                            <h1 id=\"isPasted\">Dzia\u0142alno\u015b\u0107 apostolska<\/h1>\n                            <p style=\"text-align: left;\"><span style=\"line-height: 2.0;\">\n                                <img decoding=\"async\" align=\"center\" style=\"width: 382px;\" class=\"fr-dii fr-fic fr-fil\" src=\"https:\/\/antonianki.pl\/wp-content\/uploads\/2026\/04\/dzialnosc_apostolska_s.magdalena.jpg\" width=\"370\"><\/span>\n                            <\/p>\n                            <p style=\"text-align: justify;\">&nbsp;Dzia\u0142alno\u015b\u0107 jednak powinna zawsze wyp\u0142ywa\u0107 z wewn\u0119trznego zjednoczenia z Bogiem, ugruntowywa\u0107 je i pog\u0142\u0119bia\u0107.\u00a7133 G\u0142\u00f3wne formy naszego apostolstwa powinno by\u0107 prowadzenie w\u015br\u00f3d ludzi \u017cycia ewangelicznego, opartego na mi\u0142o\u015bci, ub\u00f3stwie, prostocie i pokorze. \u00a7135 Wszystkie prace podejmujemy w duchu franciszka\u0144skiej ma\u0142o\u015bci jako s\u0142u\u017cb\u0119 w Ko\u015bciele i dla Ko\u015bcio\u0142a. \u00a7136 \u017badna zewn\u0119trzna dzia\u0142alno\u015b\u0107 nie mo\u017ce \"gasi\u0107 ducha \u015bwi\u0119tej modlitwy i pobo\u017cno\u015bci, kt\u00f3remu powinny s\u0142u\u017cy\u0107 wszystkie sprawy doczesne\" (Reg.18) \u00a7137 Ka\u017cda z nas, niezale\u017cnie od wieku i zdrowia, bierze udzia\u0142 w pracach apostolskich Zgromadzenia przez modlitw\u0119, cierpienie i ofiar\u0119 \u017cycia. \u00a7144 W duchu s\u0142u\u017cby odczytujemy znaki czasu i ch\u0119tnie podejmujemy te dzia\u0142a, kt\u00f3re w danym czasie oka\u017c\u0105 si\u0119 Ko\u015bcio\u0142owi najbardziej potrzebne. \u00a7143 Maj\u0105c na uwadze s\u0142owa Zbawiciela, \u017ce cokolwiek uczyni\u0142y\u015bmy jednemu z tych braci najmniejszych, to uczyni\u0142y\u015bmy dla Niego (por. Mt 25,40), zgodnie z celem Zgromadzenia, chcemy otoczy\u0107 opiek\u0105 pe\u0142n\u0105 ofiarnej mi\u0142o\u015bci samotne matki, chroni\u0107 przez to \u017cycie nienarodzonych dzieci. (Wst\u0119p do rozdz. VI)<\/p>\n                            <p style=\"text-align: justify;\">\n                              <a href=\"http:\/\/www.antonianki.pl\/wgrane-pliki\/dzialnosc_apostolska_s.magdalena.jpg?bg_box\"><\/a>\n                            <\/p>\n                            <p style=\"text-align: justify;\">&nbsp;Uczestnicz\u0105c w kr\u00f3lewskiej misji Chrystusa, pragniemy by\u0107 ludem s\u0142u\u017c\u0105cym \u017cyciu. Realizuj\u0105c cel Zgromadzenia, chcemy g\u0142osi\u0107 prawd\u0119, \u017ce \u017cycie ludzkie jest \u015bwi\u0119te i nienaruszalne, \u017ce istota ludzka powinna by\u0107 traktowana jako osoba od chwili pocz\u0119cia, bo nie stanie si\u0119 nigdy cz\u0142owiekiem, je\u015bli nie jest nim od tego momentu. &nbsp; &nbsp; &nbsp; &nbsp;Po\u015bwi\u0119caj\u0105c poprzez \u015bluby swoje \u017cycie Bogu, oddajemy je z mi\u0142o\u015bci w\u0142a\u015bnie tym bli\u017anim najs\u0142abszym i najbardziej potrzebuj\u0105cym. &nbsp; &nbsp; &nbsp; &nbsp;Wys\u0142awiaj\u0105c Ewangeli\u0119 \u017cycia, w codziennej modlitwie chwalimy i b\u0142ogos\u0142awimy Boga Stw\u00f3rc\u0119 za dar \u017cycia, b\u0142agaj\u0105c Go za ka\u017cde pocz\u0119te i zagro\u017cone dziecko oraz wynagradzaj\u0105c za wszystkie grzechy przeciwko \u017cyciu W codzienno\u015bci sk\u0142adamy dar z siebie przez gesty ofiary, cz\u0119sto niepozornej i ukrytej.<\/p>\n                            <p style=\"text-align: justify;\">Bezpo\u015bredni\u0105 realizacj\u0105 charyzmatu Zgromadzenia jest s\u0142u\u017cba \u017cyciu poprzez obecno\u015b\u0107 i codzienn\u0105 trosk\u0119 o matki i ich dzieci. Pos\u0142ugujemy w domu Samotnej Matki nale\u017c\u0105cym do Caritas Archidiecezji Cz\u0119stochowskiej oraz prowadzimy taki dom im. Stanis\u0142awy Leszczy\u0144skiej przy ul. Broniewskiego 1a w \u0141odzi &nbsp; &nbsp;S\u0142u\u017cymy tutaj Ewangelii \u017cycia otaczaj\u0105c opiek\u0105 kobiety znajduj\u0105ce si\u0119 w szczeg\u00f3lnie trudnej sytuacji, nara\u017cone na pokus\u0119 aborcji, te, kt\u00f3re nie boj\u0105 si\u0119 wyda\u0107 na \u015bwiat dziecka i wychowa\u0107 go nawet bez udzia\u0142u ojca. Tutaj odzyskuj\u0105 poczucie sensu \u017cycia i motywacj\u0119, znajduj\u0105 potrzebn\u0105 pomoc i oparcie w przezwyci\u0119\u017ceniu problem\u00f3w. &nbsp; &nbsp; &nbsp;Dom ten przeznaczony jest na czasowy pobyt dla samotnych kobiet w ci\u0105\u017cy i z dzie\u0107mi do \u00f3smego miesi\u0105ca ich \u017cycia, nie posiadaj\u0105cych innych mo\u017cliwo\u015bci bezpiecznego pobytu dla siebie i dziecka. Matki przyjmowane s\u0105 niezale\u017cnie od dawnego miejsca zamieszkania czy pochodzenia. Maj\u0105 zagwarantowan\u0105 anonimowo\u015b\u0107 i dyskrecj\u0119 oraz otoczone s\u0105 pomoc\u0105 fachowego personelu. Podczas pobytu w plac\u00f3wce mog\u0105 kontynuowa\u0107 nauk\u0119 w odpowiednim typie szko\u0142y, maj\u0105 zapewnione podstawowe warunki materialne i bytowe. Poprzez pomoc prawn\u0105 i medyczn\u0105, prac\u0119 opieku\u0144cz\u0105, wychowawcz\u0105 i psychoterapeutyczn\u0105 samotne matki mog\u0105 przygotowa\u0107 si\u0119 tutaj do podj\u0119cia trudu samodzielnego \u017cycia i wychowania dziecka. Tam gdzie jest to mo\u017cliwe i dobre, podejmowane s\u0105 pr\u00f3by nawi\u0105zania zerwanego kontaktu z rodzin\u0105 i \u015brodowiskiem.Szanuj\u0105c wolno\u015b\u0107 religijn\u0105 podopiecznych, proponuje si\u0119 im wszechstronn\u0105 pomoc duchow\u0105 i udzia\u0142 w \u017cyciu sakramentalnym Ko\u015bcio\u0142a. Do ich dyspozycji jest kapelan Domu oraz pracuj\u0105ce tam siostry. W Domu jest otwarta ca\u0142y dzie\u0144 kaplic. Tabernakulum, ozdobione symbolem serca, znakiem obecnej tutaj nieustannie Mi\u0142o\u015bci i ca\u0142y wystr\u00f3j kaplicy stwarza atmosfer\u0119 modlitwy i do niej zaprasza. Istnieje mo\u017cliwo\u015b\u0107 codziennego uczestniczenia we Mszy \u015bwi\u0119tej, W okresie Adwentu i Wielkiego Postu przeprowadzane s\u0105 w Domu 3-dniowe rekolekcje. &nbsp; &nbsp; &nbsp; &nbsp;Dnia 1 grudnia 2012 roku zosta\u0142y powo\u0142ane do istnienia Mieszkania Chronione naszego Zgromadzenia. Mieszcz\u0105 si\u0119 one w wydzielonej cz\u0119\u015bci Domu G\u0142\u00f3wnego przy ul. Janosika 141 - w pomieszczeniach, w kt\u00f3rych w latach 1978 - 1992 roku znajdowa\u0142 si\u0119 pierwszy w \u0141odzi Dom Samotnej Matki. Maj\u0105 one s\u0142u\u017cy\u0107 matkom opuszczaj\u0105cym DSM (przy ul. Broniewskiego 1a), kt\u00f3re oczekuj\u0105 na mieszkanie socjalne. Podstawowym celem tej formy pomocy jest umo\u017cliwienie matkom przygotowania do pe\u0142nej samodzielno\u015bci. Dnia 04.01.2013r. do mieszka\u0144 chronionych wprowadzi\u0142a si\u0119 pierwsza matka z dw\u00f3jk\u0105 dzieci. &nbsp; &nbsp; &nbsp;Opowiadaj\u0105c si\u0119 po stronie \u017cycia organizujemy rekolekcje i dni skupienia dla dziewcz\u0105t po\u015bwi\u0119cone godno\u015bci i powo\u0142aniu kobiety, s\u0142u\u017cbie \u017cyciu i Duchowej Adopcji dziecka pocz\u0119tego.<\/p>\n                            <p style=\"text-align: justify;\">W drug\u0105 niedziel\u0119 miesi\u0105ca w r\u00f3\u017cnych parafiach \u0141odzi i diecezji siostry modl\u0105 si\u0119 z wiernymi w intencji dzie\u0142 obrony \u017cycia, udost\u0119pniaj\u0105c w\u00f3wczas materia\u0142y prolife.<\/p>\n                            <p style=\"text-align: justify;\">Na stronie internetowej Zgromadzenia siostry propaguj\u0105 dzia\u0142ania podejmowane na rzecz obrony \u017cycia. &nbsp; &nbsp; &nbsp; &nbsp; &nbsp; &nbsp; &nbsp; &nbsp; &nbsp; &nbsp; &nbsp; &nbsp; &nbsp; &nbsp; &nbsp; &nbsp; &nbsp; &nbsp; &nbsp; &nbsp; &nbsp; &nbsp; &nbsp; &nbsp; &nbsp; &nbsp; &nbsp; &nbsp; &nbsp; &nbsp; &nbsp; &nbsp; &nbsp; &nbsp; &nbsp; &nbsp; &nbsp; &nbsp; &nbsp; &nbsp; &nbsp; &nbsp; &nbsp; &nbsp; &nbsp; &nbsp; &nbsp; &nbsp; &nbsp; &nbsp; &nbsp; &nbsp; &nbsp; &nbsp; &nbsp; &nbsp; &nbsp; &nbsp; &nbsp; &nbsp; &nbsp; &nbsp; &nbsp; &nbsp; &nbsp; &nbsp; &nbsp;<\/p>\n                            <p style=\"text-align: justify;\">Nasz za\u0142o\u017cyciel, b\u0142. Ojciec Anastazy Pankiewicz, kt\u00f3ry zgin\u0105\u0142 m\u0119cze\u0144sko w Dachau, pozostawi\u0142 nam w testamencie symbol \"wyci\u0105gni\u0119tych d\u0142oni\", kt\u00f3re w brutalny spos\u00f3b straci\u0142 przed \u015bmierci\u0105, gdy chcia\u0142 pom\u00f3c bezbronnemu wsp\u00f3\u0142wi\u0119\u017aniowi. To przes\u0142anie zosta\u0142o przez nas podj\u0119te; anga\u017cujemy si\u0119 w duszpasterstwo m\u0142odzie\u017cy bior\u0105c udzia\u0142 w oazach i pielgrzymkach, zajmujemy si\u0119 katechizacj\u0105, prac\u0105 w kancelariach parafialnych i zakrystiach, s\u0142u\u017cymy ubogim zg\u0142aszaj\u0105cym si\u0119 na furt\u0119 wydaj\u0105c im posi\u0142ki, wspomagamy zwracaj\u0105cych si\u0119 o pomoc wi\u0119\u017ani\u00f3w. Pracujemy r\u00f3wnie\u017c w Katolickim Gimnazjum i Liceum Og\u00f3lnokszta\u0142c\u0105cym Ojc\u00f3w Bernardyn\u00f3w, kontynuuj\u0105c dzie\u0142o O. Anastazego, tw\u00f3rcy tej szko\u0142y, katechizuj\u0105c i s\u0142u\u017c\u0105c prac\u0105 w kancelarii oraz bibliotece.<\/p>\n                            <p>\n                              <a href=\"http:\/\/www.antonianki.pl\/wgrane-pliki\/duchowosc_sw.antoni.jpg?bg_box\"><\/a>\n                            <\/p>\n                            <p>\n                              <br>\n                            <\/p>\n                          <\/div>\n                        <\/div>\n                      <\/div>\n                    <\/div>\n                  <\/div>\n                <\/div>\n              <\/div>\n            <\/div>\n          <\/div>\n        <\/div>\n      <\/div>\n    <\/section>\n    \n    \n    \n  \n<\/div>","protected":false},"excerpt":{"rendered":"<p>Zgromadzenie Si\u00f3str Antonianek od Chrystusa Kr\u00f3la &nbsp;S\u0142u\u017cy\u0107 znaczy kr\u00f3lowa\u0107 Przyk\u0142adowy tytu\u0142 Przyk\u0142adowy tekst Przyk\u0142adowy tytu\u0142 Zgromadzenie Si\u00f3str Antonianek od Chrystusa Kr\u00f3la &nbsp;S\u0142u\u017cy\u0107 znaczy kr\u00f3lowa\u0107 Antonianki ul. Janosika 141&nbsp;92-108 \u0141\u00f3d\u017a antonianki@wp.pl&nbsp;+48 42 679 27 20 kom. 507 170 901 Dzia\u0142alno\u015b\u0107 apostolska &nbsp;Dzia\u0142alno\u015b\u0107 jednak powinna zawsze wyp\u0142ywa\u0107 z wewn\u0119trznego zjednoczenia z Bogiem, ugruntowywa\u0107 je i pog\u0142\u0119bia\u0107.\u00a7133 G\u0142\u00f3wne [&hellip;]<\/p>\n","protected":false},"author":1,"featured_media":0,"parent":0,"menu_order":0,"comment_status":"closed","ping_status":"closed","template":"","meta":{"_uag_custom_page_level_css":"","footnotes":""},"class_list":["post-63","page","type-page","status-publish","hentry"],"aioseo_notices":[],"uagb_featured_image_src":{"full":false,"thumbnail":false,"medium":false,"medium_large":false,"large":false,"1536x1536":false,"2048x2048":false},"uagb_author_info":{"display_name":"admin","author_link":"https:\/\/antonianki.pl\/index.php\/author\/admin\/"},"uagb_comment_info":0,"uagb_excerpt":"Zgromadzenie Si\u00f3str Antonianek od Chrystusa Kr\u00f3la &nbsp;S\u0142u\u017cy\u0107 znaczy kr\u00f3lowa\u0107 Przyk\u0142adowy tytu\u0142 Przyk\u0142adowy tekst Przyk\u0142adowy tytu\u0142 Zgromadzenie Si\u00f3str Antonianek od Chrystusa Kr\u00f3la &nbsp;S\u0142u\u017cy\u0107 znaczy kr\u00f3lowa\u0107 Antonianki ul. Janosika 141&nbsp;92-108 \u0141\u00f3d\u017a antonianki@wp.pl&nbsp;+48 42 679 27 20 kom. 507 170 901 Dzia\u0142alno\u015b\u0107 apostolska &nbsp;Dzia\u0142alno\u015b\u0107 jednak powinna zawsze wyp\u0142ywa\u0107 z wewn\u0119trznego zjednoczenia z Bogiem, ugruntowywa\u0107 je i pog\u0142\u0119bia\u0107.\u00a7133 G\u0142\u00f3wne&hellip;","_links":{"self":[{"href":"https:\/\/antonianki.pl\/index.php\/wp-json\/wp\/v2\/pages\/63","targetHints":{"allow":["GET"]}}],"collection":[{"href":"https:\/\/antonianki.pl\/index.php\/wp-json\/wp\/v2\/pages"}],"about":[{"href":"https:\/\/antonianki.pl\/index.php\/wp-json\/wp\/v2\/types\/page"}],"author":[{"embeddable":true,"href":"https:\/\/antonianki.pl\/index.php\/wp-json\/wp\/v2\/users\/1"}],"replies":[{"embeddable":true,"href":"https:\/\/antonianki.pl\/index.php\/wp-json\/wp\/v2\/comments?post=63"}],"version-history":[{"count":10,"href":"https:\/\/antonianki.pl\/index.php\/wp-json\/wp\/v2\/pages\/63\/revisions"}],"predecessor-version":[{"id":377,"href":"https:\/\/antonianki.pl\/index.php\/wp-json\/wp\/v2\/pages\/63\/revisions\/377"}],"wp:attachment":[{"href":"https:\/\/antonianki.pl\/index.php\/wp-json\/wp\/v2\/media?parent=63"}],"curies":[{"name":"wp","href":"https:\/\/api.w.org\/{rel}","templated":true}]}}